{"id":3467,"date":"2022-02-18T18:25:30","date_gmt":"2022-02-18T18:25:30","guid":{"rendered":"https:\/\/padthaiwokbar.com\/padtalk\/?page_id=3467"},"modified":"2023-02-13T20:04:59","modified_gmt":"2023-02-13T20:04:59","slug":"adatkezelesi-tajekoztato","status":"publish","type":"page","link":"https:\/\/padthaiwokbar.com\/padtalk\/adatkezelesi-tajekoztato\/","title":{"rendered":"Adatkezel\u00e9si t\u00e1j\u00e9koztat\u00f3"},"content":{"rendered":"<p><b>Az adatkezel\u00e9si t\u00e1j\u00e9koztat\u00f3 c\u00e9lja<\/b><\/p>\n<p><span style=\"font-weight: 400;\">A\u00a0<\/span><span style=\"font-weight: 400;\">Padnyolc Kft. <\/span><span style=\"font-weight: 400;\">(c\u00edm, a tov\u00e1bbiakban, szolg\u00e1ltat\u00f3, adatkezel\u0151) mint adatkezel\u0151, mag\u00e1ra n\u00e9zve k\u00f6telez\u0151nek ismeri el jelen jogi k\u00f6zlem\u00e9ny tartalm\u00e1t. K\u00f6telezetts\u00e9get v\u00e1llal arra, hogy tev\u00e9kenys\u00e9g\u00e9vel kapcsolatos minden adatkezel\u00e9s megfelel a jelen szab\u00e1lyzatban \u00e9s a hat\u00e1lyos nemzeti jogszab\u00e1lyokban, valamint az Eur\u00f3pai Uni\u00f3 jogi aktusaiban meghat\u00e1rozott elv\u00e1r\u00e1soknak.<\/span><\/p>\n<p><span style=\"font-weight: 400;\">Az Adatkezel\u0151 adatkezel\u00e9seivel kapcsolatosan felmer\u00fcl\u0151 adatv\u00e9delmi ir\u00e1nyelvek folyamatosan el\u00e9rhet\u0151k a <\/span><a href=\"http:\/\/www.padthaiwokbar.com\"><span style=\"font-weight: 400;\">www.padthaiwokbar.com<\/span><\/a><span style=\"font-weight: 400;\"> c\u00edmen.<\/span><\/p>\n<p><span style=\"font-weight: 400;\">Az Adatkezel\u0151 fenntartja mag\u00e1nak a jogot jelen t\u00e1j\u00e9koztat\u00f3 b\u00e1rmikori megv\u00e1ltoztat\u00e1s\u00e1ra. Term\u00e9szetesen az esetleges v\u00e1ltoz\u00e1sokr\u00f3l kell\u0151 id\u0151ben \u00e9rtes\u00edti k\u00f6z\u00f6ns\u00e9g\u00e9t.<\/span><\/p>\n<p><span style=\"font-weight: 400;\">Amennyiben k\u00e9rd\u00e9se lenne jelen k\u00f6zlem\u00e9ny\u00fcnkh\u00f6z kapcsol\u00f3d\u00f3an, k\u00e9rj\u00fck, \u00edrja meg nek\u00fcnk, \u00e9s koll\u00e9g\u00e1nk megv\u00e1laszolja k\u00e9rd\u00e9s\u00e9t.<\/span><\/p>\n<p><span style=\"font-weight: 400;\">Az Adatkezel\u0151 elk\u00f6telezett \u00fcgyfelei \u00e9s partnerei szem\u00e9lyes adatainak v\u00e9delm\u00e9ben, kiemelten fontosnak tartja \u00fcgyfelei inform\u00e1ci\u00f3s \u00f6nrendelkez\u00e9si jog\u00e1nak tiszteletben tart\u00e1s\u00e1t. Az Adatkezel\u0151 a szem\u00e9lyes adatokat bizalmasan kezeli, \u00e9s megtesz minden olyan biztons\u00e1gi, technikai \u00e9s szervez\u00e9si int\u00e9zked\u00e9st, mely az adatok biztons\u00e1g\u00e1t garant\u00e1lja.<\/span><\/p>\n<p><span style=\"font-weight: 400;\">Az Adatkezel\u0151 az al\u00e1bbiakban ismerteti adatkezel\u00e9si gyakorlat\u00e1t.<\/span><\/p>\n<p><b>Az adatkezel\u0151 adatai<\/b><\/p>\n<p><span style=\"font-weight: 400;\">Amennyiben megkeresn\u00e9 T\u00e1rsas\u00e1gunkat, email:<\/span> <a href=\"mailto:info@padthaiwokbar.com\"><span style=\"font-weight: 400;\">info@padthaiwokbar.com<\/span><\/a><span style=\"font-weight: 400;\"> el\u00e9rhet\u0151s\u00e9gen l\u00e9phet kapcsolatba az adatkezel\u0151vel.<\/span><\/p>\n<p><span style=\"font-weight: 400;\">Az Adatkezel\u0151 minden hozz\u00e1 be\u00e9rkezett e-mailt a\u00a0szem\u00e9lyes adatokkal egy\u00fctt az adatk\u00f6zl\u00e9st\u0151l sz\u00e1m\u00edtott legfeljebb 2 \u00e9v eltelt\u00e9vel t\u00f6r\u00f6l.<\/span><\/p>\n<p><span style=\"font-weight: 400;\">N\u00e9v:\u00a0<\/span><span style=\"font-weight: 400;\">Padnyolc Kft.<\/span><\/p>\n<p><span style=\"font-weight: 400;\">Sz\u00e9khelye: 1122 Budapest, B\u00edr\u00f3 utca 7.<\/span><\/p>\n<p><span style=\"font-weight: 400;\">Levelez\u00e9si c\u00edme: 1024 Budapest, L\u00f6v\u0151h\u00e1z u. 2-6. Mammut I. 4. emelet.<\/span><\/p>\n<p><span style=\"font-weight: 400;\">C\u00e9gjegyz\u00e9ksz\u00e1ma: 01-09-337109<\/span><\/p>\n<p><span style=\"font-weight: 400;\">Nyilv\u00e1ntart\u00f3 hat\u00f3s\u00e1g: F\u0151v\u00e1rosi T\u00f6rv\u00e9nysz\u00e9k C\u00e9gb\u00edr\u00f3s\u00e1ga<\/span><\/p>\n<p><span style=\"font-weight: 400;\">Ad\u00f3sz\u00e1ma: 26649100-2-43<\/span><\/p>\n<p><span style=\"font-weight: 400;\">K\u00e9pvisel\u0151: Horv\u00e1th \u00c1gnes Katalin<\/span><\/p>\n<p><span style=\"font-weight: 400;\">E-mail c\u00edm:\u00a0 <\/span><a href=\"mailto:info@padthaiwokbar.com\"><span style=\"font-weight: 400;\">info@padthaiwokbar.com<\/span><\/a><\/p>\n<p><span style=\"font-weight: 400;\">Honlap: www.padthaiwokbar.com<\/span><\/p>\n<p><span style=\"font-weight: 400;\">Adatv\u00e9delmi tisztvisel\u0151<\/span><\/p>\n<p><span style=\"font-weight: 400;\">Padnyolc Kft.<\/span><\/p>\n<p><span style=\"font-weight: 400;\">info@padthaiwokbar.com<\/span><\/p>\n<p><b>A kezelt szem\u00e9lyes adatok k\u00f6re<\/b><\/p>\n<p><span style=\"font-weight: 400;\">Regisztr\u00e1ci\u00f3s sor\u00e1n megadand\u00f3 szem\u00e9lyes adatok: n\u00e9v, emailc\u00edm, sz\u00e1ml\u00e1z\u00e1si adatok, \u00e9letkor, ir\u00e1ny\u00edt\u00f3sz\u00e1m.<\/span><\/p>\n<p><b>Technikai adatok<\/b><\/p>\n<p><span style=\"font-weight: 400;\">Az Adatkezel\u0151 a szem\u00e9lyes adatok kezel\u00e9s\u00e9hez a szolg\u00e1ltat\u00e1s ny\u00fajt\u00e1sa sor\u00e1n alkalmazott informatikai eszk\u00f6z\u00f6ket \u00fagy v\u00e1lasztja meg \u00e9s \u00fczemelteti, hogy a kezelt adat:<\/span><\/p>\n<ul>\n<li style=\"font-weight: 400;\" aria-level=\"1\"><span style=\"font-weight: 400;\">az arra feljogos\u00edtottak sz\u00e1m\u00e1ra hozz\u00e1f\u00e9rhet\u0151 (rendelkez\u00e9sre \u00e1ll\u00e1s);\u00a0\u00a0\u00a0<\/span><\/li>\n<li style=\"font-weight: 400;\" aria-level=\"1\"><span style=\"font-weight: 400;\">hiteless\u00e9ge \u00e9s hiteles\u00edt\u00e9se biztos\u00edtott (adatkezel\u00e9s hiteless\u00e9ge);<\/span><\/li>\n<li style=\"font-weight: 400;\" aria-level=\"1\"><span style=\"font-weight: 400;\">v\u00e1ltozatlans\u00e1ga igazolhat\u00f3 (adatintegrit\u00e1s);<\/span><\/li>\n<li style=\"font-weight: 400;\" aria-level=\"1\"><span style=\"font-weight: 400;\">a jogosulatlan hozz\u00e1f\u00e9r\u00e9s ellen v\u00e9dett (adat bizalmass\u00e1ga) legyen.<\/span><\/li>\n<\/ul>\n<p><span style=\"font-weight: 400;\">Az Adatkezel\u0151 az adatokat megfelel\u0151 int\u00e9zked\u00e9sekkel v\u00e9di a jogosulatlan hozz\u00e1f\u00e9r\u00e9s, megv\u00e1ltoztat\u00e1s, tov\u00e1bb\u00edt\u00e1s, nyilv\u00e1noss\u00e1gra hozatal, t\u00f6rl\u00e9s vagy megsemmis\u00edt\u00e9s, valamint a v\u00e9letlen megsemmis\u00fcl\u00e9s ellen.<\/span><\/p>\n<p><span style=\"font-weight: 400;\">Az Adatkezel\u0151 olyan m\u0171szaki, szervez\u00e9si \u00e9s szervezeti int\u00e9zked\u00e9sekkel gondoskodik az adatkezel\u00e9s biztons\u00e1g\u00e1nak v\u00e9delm\u00e9r\u0151l, amely az adatkezel\u00e9ssel kapcsolatban jelentkez\u0151 kock\u00e1zatoknak megfelel\u0151 v\u00e9delmi szintet ny\u00fajt.<\/span><\/p>\n<p><span style=\"font-weight: 400;\">Az Adatkezel\u0151 az adatkezel\u00e9s sor\u00e1n meg\u0151rzi<\/span><\/p>\n<ul>\n<li style=\"font-weight: 400;\" aria-level=\"1\"><span style=\"font-weight: 400;\">a titkoss\u00e1got: megv\u00e9di az inform\u00e1ci\u00f3t, hogy csak az f\u00e9rhessen hozz\u00e1, aki erre jogosult;<\/span><\/li>\n<li style=\"font-weight: 400;\" aria-level=\"1\"><span style=\"font-weight: 400;\">a s\u00e9rtetlens\u00e9get: megv\u00e9di az inform\u00e1ci\u00f3nak \u00e9s a feldolgoz\u00e1s m\u00f3dszer\u00e9nek a pontoss\u00e1g\u00e1t \u00e9s teljess\u00e9g\u00e9t;<\/span><\/li>\n<li style=\"font-weight: 400;\" aria-level=\"1\"><span style=\"font-weight: 400;\">a rendelkez\u00e9sre \u00e1ll\u00e1st: gondoskodik arr\u00f3l, hogy amikor a jogosult haszn\u00e1l\u00f3nak sz\u00fcks\u00e9ge van r\u00e1, val\u00f3ban hozz\u00e1 tudjon f\u00e9rni a k\u00edv\u00e1nt inform\u00e1ci\u00f3hoz, \u00e9s rendelkez\u00e9sre \u00e1lljanak az ezzel kapcsolatos eszk\u00f6z\u00f6k.<\/span><\/li>\n<\/ul>\n<p><b>Cookie-k (S\u00fctik)<\/b><\/p>\n<p><span style=\"font-weight: 400;\">A s\u00fctik feladata<\/span><\/p>\n<ul>\n<li style=\"font-weight: 400;\" aria-level=\"1\"><span style=\"font-weight: 400;\">inform\u00e1ci\u00f3kat gy\u0171jtenek a l\u00e1togat\u00f3kr\u00f3l \u00e9s eszk\u00f6zeikr\u0151l;<\/span><\/li>\n<li style=\"font-weight: 400;\" aria-level=\"1\"><span style=\"font-weight: 400;\">megjegyzik a l\u00e1togat\u00f3k egy\u00e9ni be\u00e1ll\u00edt\u00e1sait, amelyek felhaszn\u00e1l\u00e1sra ker\u00fcl(het)nek pl. online tranzakci\u00f3k ig\u00e9nybev\u00e9telekor, \u00edgy nem kell \u00fajra beg\u00e9pelni \u0151ket;<\/span><\/li>\n<li style=\"font-weight: 400;\" aria-level=\"1\"><span style=\"font-weight: 400;\">megk\u00f6nny\u00edtik a weboldal haszn\u00e1lat\u00e1t;<\/span><\/li>\n<li style=\"font-weight: 400;\" aria-level=\"1\"><span style=\"font-weight: 400;\">min\u0151s\u00e9gi felhaszn\u00e1l\u00f3i \u00e9lm\u00e9nyt biztos\u00edtanak.<\/span><\/li>\n<\/ul>\n<p><span style=\"font-weight: 400;\">A testre szabott kiszolg\u00e1l\u00e1s \u00e9rdek\u00e9ben a felhaszn\u00e1l\u00f3 sz\u00e1m\u00edt\u00f3g\u00e9p\u00e9n kis adatcsomagot, \u00fan. s\u00fctit (cookie) helyez el \u00e9s a k\u00e9s\u0151bbi l\u00e1togat\u00e1s sor\u00e1n olvas vissza. Ha a b\u00f6ng\u00e9sz\u0151 visszak\u00fcld egy kor\u00e1bban elmentett s\u00fctit, a s\u00fctit kezel\u0151 szolg\u00e1ltat\u00f3nak lehet\u0151s\u00e9ge van \u00f6sszekapcsolni a felhaszn\u00e1l\u00f3 aktu\u00e1lis l\u00e1togat\u00e1s\u00e1t a kor\u00e1bbiakkal, de kiz\u00e1r\u00f3lag a saj\u00e1t tartalma tekintet\u00e9ben.<\/span><\/p>\n<p><span style=\"font-weight: 400;\">Az adatkezel\u00e9s id\u0151tartama<\/span><\/p>\n<p><span style=\"font-weight: 400;\">Az adott cookie adatt\u00e1rol\u00e1si id\u00f6tartama, b\u0151vebb inform\u00e1ci\u00f3 el\u00e9rhet\u0151 itt:<\/span><\/p>\n<p><span style=\"font-weight: 400;\">Google \u00e1ltal\u00e1nos cookie t\u00e1j\u00e9koztat\u00f3:\u00a0<\/span><a href=\"https:\/\/www.google.com\/policies\/technologies\/types\/\"><span style=\"font-weight: 400;\">https:\/\/www.google.com\/policies\/technologies\/types\/<\/span><\/a><\/p>\n<p><span style=\"font-weight: 400;\">Google Analitycs t\u00e1j\u00e9koztat\u00f3:\u00a0<\/span><a href=\"https:\/\/developers.google.com\/analytics\/devguides\/collection\/analyticsjs\/cookie-usage?hl=hu\"><span style=\"font-weight: 400;\">https:\/\/developers.google.com\/analytics\/devguides\/collection\/analyticsjs\/cookie-usage?hl=hu<\/span><\/a><\/p>\n<p><span style=\"font-weight: 400;\">Facebook t\u00e1j\u00e9koztat\u00f3:\u00a0<\/span><a href=\"https:\/\/www.facebook.com\/ads\/preferences\/?entry_product=ad_settings_screen\"><span style=\"font-weight: 400;\">https:\/\/www.facebook.com\/ads\/preferences\/?entry_product=ad_settings_screen<\/span><\/a><\/p>\n<p><b>A cookie-k jogszab\u00e1lyi h\u00e1ttere \u00e9s jogalapja:<\/b><\/p>\n<p><span style=\"font-weight: 400;\">Az adatkezel\u00e9s jogalapja a Rendelet 6. cikk (1) bekezd\u00e9s a) pontja alapj\u00e1n az \u00a0\u00d6n hozz\u00e1j\u00e1rul\u00e1sa.<\/span><\/p>\n<p><b>A honlap \u00e1ltal haszn\u00e1lt cookie-k f\u0151bb jellemz\u0151i:<\/b><\/p>\n<p><b>A m\u0171k\u00f6d\u00e9shez szigor\u00faan sz\u00fcks\u00e9ges cookie-k<\/b><span style=\"font-weight: 400;\">:\u00a0Ezek a cookie-k a weboldal haszn\u00e1lat\u00e1hoz n\u00e9lk\u00fcl\u00f6zhetetlenek, \u00e9s lehet\u0151v\u00e9 teszik a weboldal alapvet\u0151 funkci\u00f3inak haszn\u00e1lat\u00e1t. Ezek hi\u00e1ny\u00e1ba az oldal sz\u00e1mos funkci\u00f3ja nem lesz el\u00e9rhet\u0151 az \u00d6n sz\u00e1m\u00e1ra. Ezen t\u00edpus\u00fa cookie-k \u00e9lettartama kiz\u00e1r\u00f3lag a munkamenet idej\u00e9re korl\u00e1toz\u00f3dik.<\/span><\/p>\n<p><b>A felhaszn\u00e1l\u00f3i \u00e9lm\u00e9ny jav\u00edt\u00e1s\u00e1t szolg\u00e1l\u00f3 cookie-k<\/b><span style=\"font-weight: 400;\">:\u00a0Ezek a cookie-k inform\u00e1ci\u00f3kat gy\u0171jtenek a felhaszn\u00e1l\u00f3 weboldalhaszn\u00e1lat\u00e1r\u00f3l, p\u00e9ld\u00e1ul, hogy mely oldalakat l\u00e1togatja leggyakrabban, vagy milyen hiba\u00fczenetet kap a weboldalr\u00f3l. Ezek a cookie-k nem gy\u0171jtenek a l\u00e1togat\u00f3t azonos\u00edt\u00f3 inform\u00e1ci\u00f3kat, vagyis teljesen \u00e1ltal\u00e1nos, n\u00e9vtelen inform\u00e1ci\u00f3kkal dolgoznak. Az ezekb\u0151l nyert adatokat a weboldal teljes\u00edtm\u00e9ny\u00e9nek jav\u00edt\u00e1s\u00e1ra haszn\u00e1ljuk. Ezen t\u00edpus\u00fa cookie-k \u00e9lettartama kiz\u00e1r\u00f3lag a munkamenet idej\u00e9re korl\u00e1toz\u00f3dik.<\/span><\/p>\n<p><b>Google Adwords cookie<\/b><span style=\"font-weight: 400;\">\u00a0Amikor valaki megl\u00e1togatja az oldalunkat, a l\u00e1togat\u00f3 cookie-azonos\u00edt\u00f3ja hozz\u00e1ad\u00f3dik a remarketinglist\u00e1hoz. A Google cookie-kat \u2013 p\u00e9ld\u00e1ul a NID \u00e9s SID cookie-kat \u2013 haszn\u00e1l a Google-term\u00e9kekben, \u00edgy p\u00e9ld\u00e1ul a Google Keres\u00e9sben l\u00e1that\u00f3 hirdet\u00e9sek testreszab\u00e1s\u00e1hoz. Az ilyen cookie-kat p\u00e9ld\u00e1ul arra haszn\u00e1lja, hogy megjegyezze az \u00d6n legut\u00f3bbi keres\u00e9seit, az egyes hirdet\u0151k hirdet\u00e9seivel vagy a keres\u00e9si eredm\u00e9nyekkel val\u00f3 kor\u00e1bbi interakci\u00f3it, tov\u00e1bb\u00e1 a hirdet\u0151k webhelyein tett l\u00e1togat\u00e1sait. Az AdWords konverzi\u00f3k\u00f6vet\u00e9s funkci\u00f3ja cookie-kat haszn\u00e1l. A hirdet\u00e9sb\u0151l ered\u0151 \u00e9rt\u00e9kes\u00edt\u00e9sek \u00e9s egy\u00e9b konverzi\u00f3k k\u00f6vet\u00e9s\u00e9re cookie-kat ment a felhaszn\u00e1l\u00f3 sz\u00e1m\u00edt\u00f3g\u00e9p\u00e9re, amikor az adott szem\u00e9ly egy hirdet\u00e9sre kattint. A cookie-k n\u00e9h\u00e1ny gyakori alkalmaz\u00e1si m\u00f3dja: a hirdet\u00e9sek kiv\u00e1laszt\u00e1sa annak alapj\u00e1n, hogy mi a relev\u00e1ns az adott felhaszn\u00e1l\u00f3 eset\u00e9n, a kamp\u00e1nyok teljes\u00edtm\u00e9ny\u00e9r\u0151l sz\u00f3l\u00f3 jelent\u00e9sek t\u00f6k\u00e9letes\u00edt\u00e9se, \u00e9s a felhaszn\u00e1l\u00f3 \u00e1ltal m\u00e1r megtekintett hirdet\u00e9sek megjelen\u00edt\u00e9s\u00e9nek elker\u00fcl\u00e9se.<\/span><\/p>\n<p><b>Google Analytics cookie<\/b><span style=\"font-weight: 400;\">:\u00a0A Google Analytics a Google elemz\u0151 eszk\u00f6ze, amely abban seg\u00edt a weboldalak \u00e9s alkalmaz\u00e1sok tulajdonosainak, hogy pontosabb k\u00e9pet kapjanak l\u00e1togat\u00f3ik tev\u00e9kenys\u00e9geir\u0151l. A szolg\u00e1ltat\u00e1s cookie-kat haszn\u00e1lhat, hogy inform\u00e1ci\u00f3kat gy\u0171jts\u00f6n \u00e9s jelent\u00e9st k\u00e9sz\u00edtsen a weboldal haszn\u00e1lat\u00e1ra vonatkoz\u00f3 statisztikai adatokb\u00f3l an\u00e9lk\u00fcl, hogy egy\u00e9nileg azonos\u00edtan\u00e1 a l\u00e1togat\u00f3kat a Google sz\u00e1m\u00e1ra. A Google Analytics \u00e1ltal haszn\u00e1lt f\u0151 cookie a \u201e__ga\u201d cookie. A webhelyhaszn\u00e1lati statisztikai adatokb\u00f3l k\u00e9sz\u00fcl\u0151 jelent\u00e9sek mellett a Google Analytics \u2013 az el\u0151bbiekben ismertetett n\u00e9h\u00e1ny hirdet\u00e9si cookie-val egy\u00fctt \u2013 felhaszn\u00e1lhat\u00f3 arra is, hogy relev\u00e1nsabb hirdet\u00e9seket jelen\u00edts\u00fcnk meg a Google-term\u00e9kekben (p\u00e9ld\u00e1ul a Google Keres\u00e9sben) \u00e9s szerte az interneten.<\/span><\/p>\n<p><b>Remarketing cookiek-k<\/b><span style=\"font-weight: 400;\">:\u00a0A kor\u00e1bbi l\u00e1togat\u00f3k vagy felhaszn\u00e1l\u00f3k sz\u00e1m\u00e1ra a Google Display H\u00e1l\u00f3zaton tal\u00e1lhat\u00f3 egy\u00e9b webhelyeken val\u00f3 b\u00f6ng\u00e9sz\u00e9s, illetve term\u00e9keivel vagy szolg\u00e1ltat\u00e1saival kapcsolatos kifejez\u00e9sek keres\u00e9sekor jelenhetnek meg<\/span><\/p>\n<p><b>Munkamenet cookie:<\/b><span style=\"font-weight: 400;\">\u00a0Ezek a s\u00fctik a l\u00e1togat\u00f3 tart\u00f3zkod\u00e1si hely\u00e9t, a b\u00f6ng\u00e9sz\u0151 nyelv\u00e9t, a fizet\u00e9s p\u00e9nznem\u00e9t t\u00e1rolj\u00e1k, \u00e9lettartamuk a b\u00f6ng\u00e9sz\u0151 bez\u00e1r\u00e1sa, vagy maximum 2 \u00f3ra.<\/span><\/p>\n<p><b>Mobil verzi\u00f3, design cookie<\/b><span style=\"font-weight: 400;\">:\u00a0\u00c9rz\u00e9keli a l\u00e1togat\u00f3 haszn\u00e1lt eszk\u00f6zt, \u00e9s mobilon \u00e1tv\u00e1lt teljes n\u00e9zetre. \u00c9lettartama 365 nap.<\/span><\/p>\n<p><b>Cookie elfogad\u00e1s cookie<\/b><span style=\"font-weight: 400;\">:\u00a0Az oldalra \u00e9rkez\u00e9skor a figyelmeztet\u0151 ablakban elfogadja a cookiek t\u00e1rol\u00e1s\u00e1r\u00f3l sz\u00f3l\u00f3 nyilatkozatot. \u00c9lettartama 365 nap.<\/span><\/p>\n<p><b>Facebook pixel (Facebook cookie)\u00a0<\/b><span style=\"font-weight: 400;\">A Facebook-k\u00e9ppont olyan k\u00f3d, amelynek a seg\u00edts\u00e9g\u00e9vel a honlapon jelent\u00e9s k\u00e9sz\u00fcl a konverzi\u00f3kr\u00f3l, c\u00e9lk\u00f6z\u00f6ns\u00e9gek \u00e1ll\u00edthat\u00f3k \u00f6ssze, \u00e9s az oldal tulajdonosa r\u00e9szletes elemz\u00e9si adatokat kap a l\u00e1togat\u00f3k honlap haszn\u00e1lat\u00e1r\u00f3l. A Facebook pixel seg\u00edts\u00e9g\u00e9vel a weboldal l\u00e1togat\u00f3inak szem\u00e9lyre szabott aj\u00e1nlatokat, hirdet\u00e9seket jelen\u00edthet meg a Facebook fel\u00fclet\u00e9n. A Facebook adatkezel\u00e9si szab\u00e1lyzat\u00e1t itt tanulm\u00e1nyozhatja:\u00a0<\/span><a href=\"https:\/\/www.facebook.com\/privacy\/explanation\"><span style=\"font-weight: 400;\">https:\/\/www.facebook.com\/privacy\/explanation<\/span><\/a><\/p>\n<p><span style=\"font-weight: 400;\">Amennyiben \u00d6n nem fogadja el a cookie-k haszn\u00e1lat\u00e1t, akkor bizonyos funkci\u00f3k nem lesznek el\u00e9rhet\u0151ek az \u00d6n sz\u00e1m\u00e1ra. A cookie-k t\u00f6rl\u00e9s\u00e9r\u0151l b\u0151vebb t\u00e1j\u00e9koztat\u00e1st az al\u00e1bbi linkeken tal\u00e1lhat:<\/span><\/p>\n<ul>\n<li style=\"font-weight: 400;\" aria-level=\"1\"><span style=\"font-weight: 400;\">Internet Explorer:\u00a0\u00a0<\/span><a href=\"http:\/\/windows.microsoft.com\/en-us\/internet-explorer\/delete-manage-cookies#ie=ie-11\"><span style=\"font-weight: 400;\">http:\/\/windows.microsoft.com\/en-us\/internet-explorer\/delete-manage-cookies#ie=ie-11<\/span><\/a><\/li>\n<li style=\"font-weight: 400;\" aria-level=\"1\"><span style=\"font-weight: 400;\">Firefox:\u00a0\u00a0<\/span><a href=\"https:\/\/support.mozilla.org\/en-US\/kb\/cookies-information-websites-store-on-your-computer\"><span style=\"font-weight: 400;\">https:\/\/support.mozilla.org\/en-US\/kb\/cookies-information-websites-store-on-your-computer<\/span><\/a><\/li>\n<li style=\"font-weight: 400;\" aria-level=\"1\"><span style=\"font-weight: 400;\">Mozilla:\u00a0<\/span><a href=\"https:\/\/support.mozilla.org\/hu\/kb\/weboldalak-altal-elhelyezett-sutik-torlese-szamito\"><span style=\"font-weight: 400;\">https:\/\/support.mozilla.org\/hu\/kb\/weboldalak-altal-elhelyezett-sutik-torlese-szamito<\/span><\/a><\/li>\n<li style=\"font-weight: 400;\" aria-level=\"1\"><span style=\"font-weight: 400;\">Safari:\u00a0<\/span><a href=\"https:\/\/support.apple.com\/kb\/ph21411?locale=en_US\"><span style=\"font-weight: 400;\">https:\/\/support.apple.com\/kb\/ph21411?locale=en_US<\/span><\/a><\/li>\n<li style=\"font-weight: 400;\" aria-level=\"1\"><span style=\"font-weight: 400;\">Chrome:\u00a0<\/span><a href=\"https:\/\/support.google.com\/chrome\/answer\/95647\"><span style=\"font-weight: 400;\">https:\/\/support.google.com\/chrome\/answer\/95647<\/span><\/a><\/li>\n<\/ul>\n<p><span style=\"font-weight: 400;\">Online rendel\u00e9shez kapcsol\u00f3d\u00f3 adatok: n\u00e9v, email, sz\u00e1ml\u00e1z\u00e1si adatok, \u00e9letkor, ir\u00e1ny\u00edt\u00f3sz\u00e1m<\/span><\/p>\n<p><span style=\"font-weight: 400;\">Online \u00fcgyint\u00e9z\u00e9shez kapcsol\u00f3d\u00f3 adatok: n\u00e9v, email, sz\u00e1ml\u00e1z\u00e1si adatok, \u00e9letkor, ir\u00e1ny\u00edt\u00f3sz\u00e1m<\/span><\/p>\n<p><b>Az adatkezel\u00e9s c\u00e9lja, m\u00f3dja \u00e9s jogalapja<\/b><\/p>\n<p><span style=\"font-weight: 400;\">\u00c1ltal\u00e1nos adatkezel\u00e9si ir\u00e1nyelvek<\/span><\/p>\n<p><span style=\"font-weight: 400;\">Az Adatkezel\u0151 tev\u00e9kenys\u00e9g\u00e9nek adatkezel\u00e9sei \u00f6nk\u00e9ntes hozz\u00e1j\u00e1rul\u00e1son, illetve t\u00f6rv\u00e9nyi felhatalmaz\u00e1son alapulnak. Az \u00f6nk\u00e9ntes hozz\u00e1j\u00e1rul\u00e1son alapul\u00f3 adatkezel\u00e9sek eset\u00e9ben az \u00e9rintettek e hozz\u00e1j\u00e1rul\u00e1sukat az adatkezel\u00e9s b\u00e1rmely szak\u00e1ban visszavonhatj\u00e1k.<\/span><\/p>\n<p><span style=\"font-weight: 400;\">Bizonyos esetekben a megadott adatok egy k\u00f6r\u00e9nek kezel\u00e9s\u00e9t, t\u00e1rol\u00e1s\u00e1t, tov\u00e1bb\u00edt\u00e1s\u00e1t jogszab\u00e1lyok teszik k\u00f6telez\u0151v\u00e9, melyr\u0151l k\u00fcl\u00f6n \u00e9rtes\u00edtj\u00fck \u00fcgyfeleinket.<\/span><\/p>\n<p><span style=\"font-weight: 400;\">Felh\u00edvjuk az Adatkezel\u0151 r\u00e9sz\u00e9re adatk\u00f6zl\u0151k figyelm\u00e9t, hogy amennyiben nem saj\u00e1t szem\u00e9lyes adataikat adj\u00e1k meg, az adatk\u00f6zl\u0151 k\u00f6teless\u00e9ge az \u00e9rintett hozz\u00e1j\u00e1rul\u00e1s\u00e1nak beszerz\u00e9se.<\/span><\/p>\n<p><span style=\"font-weight: 400;\">Adatkezel\u00e9si alapelvei \u00f6sszhangban vannak az adatv\u00e9delemmel kapcsolatos hat\u00e1lyos jogszab\u00e1lyokkal, \u00edgy k\u00fcl\u00f6n\u00f6sen az al\u00e1bbiakkal:<\/span><\/p>\n<ul>\n<li style=\"font-weight: 400;\" aria-level=\"1\"><span style=\"font-weight: 400;\">2011. \u00e9vi CXII. t\u00f6rv\u00e9ny \u2013 az inform\u00e1ci\u00f3s \u00f6nrendelkez\u00e9si jogr\u00f3l \u00e9s az inform\u00e1ci\u00f3-szabads\u00e1gr\u00f3l (Infotv.);<\/span><\/li>\n<\/ul>\n<ul>\n<li style=\"font-weight: 400;\" aria-level=\"1\"><span style=\"font-weight: 400;\">Az Eur\u00f3pai Parlament \u00e9s a Tan\u00e1cs (EU) 2016\/679 rendelete (2016. \u00e1prilis 27.) \u2013 a term\u00e9szetes szem\u00e9lyeknek a szem\u00e9lyes adatok kezel\u00e9se tekintet\u00e9ben t\u00f6rt\u00e9n\u0151 v\u00e9delm\u00e9r\u0151l \u00e9s az ilyen adatok szabad \u00e1raml\u00e1s\u00e1r\u00f3l, valamint a 95\/46\/EK rendelet hat\u00e1lyon k\u00edv\u00fcl helyez\u00e9s\u00e9r\u0151l (\u00e1ltal\u00e1nos adatv\u00e9delmi rendelet, GDPR);<\/span><\/li>\n<li style=\"font-weight: 400;\" aria-level=\"1\"><span style=\"font-weight: 400;\">2013. \u00e9vi V. t\u00f6rv\u00e9ny \u2013 a Polg\u00e1ri T\u00f6rv\u00e9nyk\u00f6nyvr\u0151l (Ptk.);<\/span><\/li>\n<li style=\"font-weight: 400;\" aria-level=\"1\"><span style=\"font-weight: 400;\">2000. \u00e9vi C. t\u00f6rv\u00e9ny \u2013 a sz\u00e1mvitelr\u0151l (Sz\u00e1mv. tv.);<\/span><\/li>\n<li style=\"font-weight: 400;\" aria-level=\"1\"><span style=\"font-weight: 400;\">2017. \u00e9vi LIII. t\u00f6rv\u00e9ny \u2013 a p\u00e9nzmos\u00e1s \u00e9s terrorizmus finansz\u00edroz\u00e1sa megel\u0151z\u00e9s\u00e9r\u0151l \u00e9s megakad\u00e1lyoz\u00e1s\u00e1r\u00f3l (Pmt.);<\/span><\/li>\n<li style=\"font-weight: 400;\" aria-level=\"1\"><span style=\"font-weight: 400;\">2013. \u00e9vi CCXXXVII. t\u00f6rv\u00e9ny \u2013 a hitelint\u00e9zetekr\u0151l \u00e9s a p\u00e9nz\u00fcgyi v\u00e1llalkoz\u00e1sokr\u00f3l (Hpt.).<\/span><\/li>\n<\/ul>\n<p><b>Az adatok fizikai t\u00e1rol\u00e1si helyei<\/b><\/p>\n<p><span style=\"font-weight: 400;\">Szem\u00e9lyes adatai (vagyis azok az adatok, amelyek az \u00d6n szem\u00e9ly\u00e9vel kapcsolatba hozhat\u00f3k) a k\u00f6vetkez\u0151 m\u00f3don ker\u00fclhetnek a kezel\u00e9s\u00fcnkbe: egyfel\u0151l az internetes kapcsolat fenntart\u00e1s\u00e1val \u00f6sszef\u00fcgg\u00e9sben az \u00d6n \u00e1ltal haszn\u00e1lt sz\u00e1m\u00edt\u00f3g\u00e9ppel, b\u00f6ng\u00e9sz\u0151programmal, internetes c\u00edmmel, a l\u00e1togatott oldalakkal kapcsolatos technikai adatok automatikusan k\u00e9pz\u0151dnek sz\u00e1m\u00edt\u00f3g\u00e9pes rendszer\u00fcnkben, m\u00e1sfel\u0151l \u00d6n is megadhatja nev\u00e9t, el\u00e9rhet\u0151s\u00e9g\u00e9t vagy m\u00e1s adatait, ha a honlap haszn\u00e1lata sor\u00e1n szem\u00e9lyes kapcsolatba k\u00edv\u00e1n l\u00e9pni vel\u00fcnk.<\/span><\/p>\n<p><span style=\"font-weight: 400;\">A rendszer m\u0171k\u00f6dtet\u00e9se sor\u00e1n technikailag r\u00f6gz\u00edt\u00e9sre ker\u00fcl\u0151 adatok: az \u00e9rintett bejelentkez\u0151 sz\u00e1m\u00edt\u00f3g\u00e9p\u00e9nek azon adatai, melyek a szavaz\u00e1s sor\u00e1n gener\u00e1l\u00f3dnak \u00e9s melyeket az \u2026 rendszere a technikai folyamatok automatikus eredm\u00e9nyek\u00e9nt r\u00f6gz\u00edt. Az automatikusan r\u00f6gz\u00edt\u00e9sre ker\u00fcl\u0151 adatot a rendszer az \u00e9rintett k\u00fcl\u00f6n nyilatkozata vagy cselekm\u00e9nye n\u00e9lk\u00fcl a bel\u00e9p\u00e9skor, illetve kil\u00e9p\u00e9skor automatikusan napl\u00f3zza. Ezen adat egy\u00e9b szem\u00e9lyes felhaszn\u00e1l\u00f3i adatokkal \u2013 t\u00f6rv\u00e9ny \u00e1ltal k\u00f6telez\u0151v\u00e9 tett esetek kiv\u00e9tel\u00e9vel \u2013 \u00f6ssze nem kapcsolhat\u00f3. Az adathoz kiz\u00e1r\u00f3lag az \u2026 f\u00e9r hozz\u00e1.<\/span><\/p>\n<p><b>Adattov\u00e1bb\u00edt\u00e1s, adatfeldogoz\u00e1s, az adatokat megismer\u0151k k\u00f6re<\/b><\/p>\n<p><span style=\"font-weight: 400;\">T\u00e9teles felsorol\u00e1sa az adatokat tov\u00e1bb\u00edt\u00f3, t\u00e1rol\u00f3, megismer\u0151 c\u00e9geknek. Az adott c\u00e9gek adatainak \u00e9s el\u00e9rhet\u0151s\u00e9geinek felsorol\u00e1sa. (pl, k\u00f6nyvel\u00e9s, sz\u00e1ml\u00e1z\u00e1s, \u00e1rusz\u00e1ll\u00edt\u00e1s, crm rendszer, online fizet\u00e9s, stb.)<\/span><\/p>\n<p><span style=\"font-weight: 400;\">Az adatfeldolgoz\u00f3 megnevez\u00e9se: Padnyolc Kft.<\/span><\/p>\n<p><span style=\"font-weight: 400;\">Az adatfeldolgoz\u00f3 sz\u00e9khelye: 1025 Budapest, Sz\u00e9pv\u00f6lgyi \u00fat 92. G. \u00e9p.<\/span><\/p>\n<p><span style=\"font-weight: 400;\">Az adatfeldolgoz\u00f3 e-mail c\u00edme: info@padthaiwokbar.com<\/span><\/p>\n<p><span style=\"font-weight: 400;\">Az Adatfelodolgoz\u00f3 az Adatkezel\u0151vel k\u00f6t\u00f6tt szerz\u0151d\u00e9s alapj\u00e1n k\u00f6zrem\u0171k\u00f6dik a megrendel\u00e9sek nyilv\u00e1ntart\u00e1s\u00e1ban. Ennek sor\u00e1n az Adatfeldolgoz\u00f3 az \u00e9rintett nev\u00e9t, c\u00edm\u00e9t, telefonsz\u00e1m\u00e1t, a rendel\u00e9sek sz\u00e1m\u00e1t \u00e9s id\u0151pontj\u00e1t a polg\u00e1ri jogi el\u00e9v\u00fcl\u00e9si id\u0151n bel\u00fcl kezeli.<\/span><\/p>\n<p><b>\u00c9rintett jogai \u00e9s jog\u00e9rv\u00e9nyes\u00edt\u00e9si lehet\u0151s\u00e9gei<\/b><\/p>\n<p><span style=\"font-weight: 400;\">Az adatkezel\u00e9s id\u0151tartam\u00e1n bel\u00fcl \u00d6nt a Rendelet el\u0151\u00edr\u00e1sai szerint az al\u00e1bbi jogok illetik meg:<\/span><\/p>\n<ul>\n<li style=\"font-weight: 400;\" aria-level=\"1\"><span style=\"font-weight: 400;\">a hozz\u00e1j\u00e1rul\u00e1s visszavon\u00e1s\u00e1nak joga<\/span><\/li>\n<li style=\"font-weight: 400;\" aria-level=\"1\"><span style=\"font-weight: 400;\">szem\u00e9lyes adatokhoz \u00e9s az adatkezel\u00e9ssel kapcsolatos inform\u00e1ci\u00f3khoz val\u00f3 hozz\u00e1f\u00e9r\u00e9s<\/span><\/li>\n<li style=\"font-weight: 400;\" aria-level=\"1\"><span style=\"font-weight: 400;\">helyesb\u00edt\u00e9shez val\u00f3 jog<\/span><\/li>\n<li style=\"font-weight: 400;\" aria-level=\"1\"><span style=\"font-weight: 400;\">adatkezel\u00e9s korl\u00e1toz\u00e1sa,<\/span><\/li>\n<li style=\"font-weight: 400;\" aria-level=\"1\"><span style=\"font-weight: 400;\">t\u00f6rl\u00e9shez val\u00f3 jog<\/span><\/li>\n<li style=\"font-weight: 400;\" aria-level=\"1\"><span style=\"font-weight: 400;\">tiltakoz\u00e1shoz val\u00f3 jog<\/span><\/li>\n<li style=\"font-weight: 400;\" aria-level=\"1\"><span style=\"font-weight: 400;\">hordozhat\u00f3s\u00e1ghoz val\u00f3 jog.<\/span><\/li>\n<\/ul>\n<p><span style=\"font-weight: 400;\">Amennyiben \u00d6n jogaival \u00e9lni k\u00edv\u00e1n, az az \u00d6n azonos\u00edt\u00e1s\u00e1val j\u00e1r egy\u00fctt, valamint az Adatkezel\u0151nek \u00d6nnel sz\u00fcks\u00e9gszeren kommunik\u00e1lnia kell. Ez\u00e9rt az azonos\u00edt\u00e1s \u00e9rdek\u00e9ben szem\u00e9lyes adatok megad\u00e1s\u00e1ra lesz sz\u00fcks\u00e9g (de az azonos\u00edt\u00e1s csak olyan adaton alapulhat, amelyet Adatkezel\u0151 egy\u00e9bk\u00e9nt is kezel \u00d6nr\u0151l), valamint az Adatkezel\u0151 email fi\u00f3kj\u00e1ban el\u00e9rhet\u0151ek lesz az \u00d6n adatkezel\u00e9ssel kapcsolatos panasza a jelen t\u00e1j\u00e9koztat\u00f3ban, a panaszokkal kapcsolatban megjel\u00f6lt id\u0151tartamon bel\u00fcl. Amennyiben \u00d6n v\u00e1s\u00e1rl\u00f3nk volt \u00e9s panasz\u00fcgyint\u00e9z\u00e9s, vagy garanci\u00e1lis \u00fcgyint\u00e9z\u00e9s \u00e9rdek\u00e9ben szeretn\u00e9 mag\u00e1t azonos\u00edtani, az azonos\u00edt\u00e1shoz k\u00e9rj\u00fck adja meg rendel\u00e9si azonos\u00edt\u00f3j\u00e1t is. Ennek felhaszn\u00e1l\u00e1s\u00e1val \u00d6nt, mint v\u00e1s\u00e1rl\u00f3t is be tudjuk azonos\u00edtani.<\/span><\/p>\n<p><span style=\"font-weight: 400;\">Az adatkezel\u00e9ssel kapcsolatos panaszokat legk\u00e9s\u0151bb 30 napon bel\u00fcl v\u00e1laszolja meg Adatkezel\u0151.<\/span><\/p>\n<p><b>T\u00e1j\u00e9koztat\u00e1shoz val\u00f3 jog<\/b><\/p>\n<p><span style=\"font-weight: 400;\">Az Adatkezel\u0151 megfelel\u0151 int\u00e9zked\u00e9seket hoz annak \u00e9rdek\u00e9ben, hogy az \u00e9rintettek r\u00e9sz\u00e9re a szem\u00e9lyes adatok kezel\u00e9s\u00e9re vonatkoz\u00f3, a GDPR 13. \u00e9s a 14. cikkben eml\u00edtett valamennyi inform\u00e1ci\u00f3t \u00e9s a 15\u201322. \u00e9s 34. cikk szerinti minden egyes t\u00e1j\u00e9koztat\u00e1st t\u00f6m\u00f6r, \u00e1tl\u00e1that\u00f3, \u00e9rthet\u0151 \u00e9s k\u00f6nnyen hozz\u00e1f\u00e9rhet\u0151 form\u00e1ban, vil\u00e1gosan \u00e9s k\u00f6z\u00e9rthet\u0151en megfogalmazva ny\u00fajtsa.<\/span><\/p>\n<p><b>Az \u00e9rintett hozz\u00e1f\u00e9r\u00e9shez val\u00f3 joga<\/b><\/p>\n<p><span style=\"font-weight: 400;\">\u00d6n jogosult arra, hogy az Adatkezel\u0151t\u0151l visszajelz\u00e9st kapjon arra vonatkoz\u00f3an, hogy szem\u00e9lyes adatainak kezel\u00e9se folyamatban van-e, \u00e9s ha adatkezel\u00e9s folyamatban van, jogosult arra, hogy:<\/span><\/p>\n<ul>\n<li style=\"font-weight: 400;\" aria-level=\"1\"><span style=\"font-weight: 400;\">a kezelt szem\u00e9lyes adatokhoz hozz\u00e1f\u00e9r\u00e9st kapjon \u00e9s<\/span><\/li>\n<li style=\"font-weight: 400;\" aria-level=\"1\"><span style=\"font-weight: 400;\">a k\u00f6vetkez\u0151 inform\u00e1ci\u00f3kr\u00f3l az Adatkezel\u0151 t\u00e1j\u00e9koztassa:<\/span><\/li>\n<li style=\"font-weight: 400;\" aria-level=\"1\"><span style=\"font-weight: 400;\">az adatkezel\u00e9s c\u00e9ljai;<\/span><\/li>\n<li style=\"font-weight: 400;\" aria-level=\"1\"><span style=\"font-weight: 400;\">az \u00d6nr\u0151l kezelt szem\u00e9lyes adatok kateg\u00f3ri\u00e1i;<\/span><\/li>\n<li style=\"font-weight: 400;\" aria-level=\"1\"><span style=\"font-weight: 400;\">inform\u00e1ci\u00f3 azon c\u00edmzettekr\u0151l vagy c\u00edmzettek kateg\u00f3ri\u00e1ir\u00f3l, akikkel, illetve amelyekkel a szem\u00e9lyes adatokat Adatkezel\u0151 k\u00f6z\u00f6lte vagy k\u00f6z\u00f6lni fogja;<\/span><\/li>\n<li style=\"font-weight: 400;\" aria-level=\"1\"><span style=\"font-weight: 400;\">a szem\u00e9lyes adatok t\u00e1rol\u00e1s\u00e1nak tervezett id\u0151tartama, vagy ha ez nem lehets\u00e9ges, ezen id\u0151tartam meghat\u00e1roz\u00e1s\u00e1nak szempontjai;<\/span><\/li>\n<li style=\"font-weight: 400;\" aria-level=\"1\"><span style=\"font-weight: 400;\">az \u00d6n azon joga, hogy k\u00e9relmezheti az Adatkezel\u0151t\u0151l az \u00d6nre vonatkoz\u00f3 szem\u00e9lyes adatok helyesb\u00edt\u00e9s\u00e9t, t\u00f6rl\u00e9s\u00e9t vagy kezel\u00e9s\u00e9nek korl\u00e1toz\u00e1s\u00e1t, \u00e9s jogos \u00e9rdeken alapul\u00f3 adatkezel\u00e9s eset\u00e9n tiltakozhat az ilyen szem\u00e9lyes adatok kezel\u00e9se ellen;<\/span><\/li>\n<li style=\"font-weight: 400;\" aria-level=\"1\"><span style=\"font-weight: 400;\">a fel\u00fcgyeleti hat\u00f3s\u00e1ghoz c\u00edmzett panasz beny\u00fajt\u00e1s\u00e1nak joga;<\/span><\/li>\n<li style=\"font-weight: 400;\" aria-level=\"1\"><span style=\"font-weight: 400;\">ha az adatokat nem \u00d6nt\u0151l gy\u0171jt\u00f6tt\u00e9k be, a forr\u00e1sukra vonatkoz\u00f3 minden el\u00e9rhet\u0151 inform\u00e1ci\u00f3;<\/span><\/li>\n<li style=\"font-weight: 400;\" aria-level=\"1\"><span style=\"font-weight: 400;\">az automatiz\u00e1lt d\u00f6nt\u00e9shozatal t\u00e9ny\u00e9r\u0151l (ha alkalmazott ilyen elj\u00e1r\u00e1s), ide\u00e9rtve a profilalkot\u00e1st is, valamint legal\u00e1bb ezekben az esetekben az alkalmazott logik\u00e1ra \u00e9s arra vonatkoz\u00f3an \u00e9rthet\u0151 inform\u00e1ci\u00f3kat, hogy az ilyen adatkezel\u00e9s milyen jelent\u0151s\u00e9ggel, \u00e9s \u00d6nre n\u00e9zve milyen v\u00e1rhat\u00f3 k\u00f6vetkezm\u00e9nyekkel b\u00edr.<\/span><\/li>\n<\/ul>\n<p><span style=\"font-weight: 400;\">A jog gyakorl\u00e1s\u00e1nak c\u00e9lja az adatkezel\u00e9s jogszer\u0171s\u00e9g\u00e9nek meg\u00e1llap\u00edt\u00e1s\u00e1ra \u00e9s ellen\u0151rz\u00e9s\u00e9re ir\u00e1nyulhat, ez\u00e9rt t\u00f6bbsz\u00f6ri t\u00e1j\u00e9koztat\u00e1s k\u00e9r\u00e9s eset\u00e9n Adatkezel\u0151 m\u00e9lt\u00e1nyos k\u00f6lts\u00e9gt\u00e9r\u00edt\u00e9st sz\u00e1molhat fel a t\u00e1j\u00e9koztat\u00e1s teljes\u00edt\u00e9s\u00e9\u00e9rt cser\u00e9be.<\/span><\/p>\n<p><span style=\"font-weight: 400;\">A szem\u00e9lyes adatokhoz val\u00f3 hozz\u00e1f\u00e9r\u00e9st Adatkezel\u0151 \u00fagy biztos\u00edtja, hogy az \u00d6n azonos\u00edt\u00e1s\u00e1t k\u00f6vet\u0151en emailben juttatja el \u00d6nh\u00f6z a kezelt szem\u00e9lyes adatokat \u00e9s az inform\u00e1ci\u00f3kat. Amennyiben regisztr\u00e1ci\u00f3val rendelkezik, akkor a hozz\u00e1f\u00e9r\u00e9st \u00fagy biztos\u00edtjuk, hogy a felhaszn\u00e1l\u00f3i fi\u00f3kj\u00e1ba bel\u00e9pve tudja az \u00d6nr\u0151l kezelt szem\u00e9lyes adatokat megtekinteni \u00e9s ellen\u0151rizni.<\/span><\/p>\n<p><span style=\"font-weight: 400;\">K\u00e9rj\u00fck, hogy k\u00e9relm\u00e9ben jel\u00f6lje meg, hogy a szem\u00e9lyes adatokhoz k\u00e9r hozz\u00e1f\u00e9r\u00e9st, vagy az adatkezel\u00e9ssel kapcsolatos inform\u00e1ci\u00f3kat k\u00e9ri.<\/span><\/p>\n<p><b>Helyesb\u00edt\u00e9s joga<\/b><\/p>\n<p><span style=\"font-weight: 400;\">\u00d6n jogosult arra, hogy k\u00e9r\u00e9s\u00e9re Adatkezel\u0151 k\u00e9sedelem n\u00e9lk\u00fcl helyesb\u00edtse az \u00d6nre vonatkoz\u00f3 pontatlan szem\u00e9lyes adatokat.<\/span><\/p>\n<p><b>T\u00f6rl\u00e9shez val\u00f3 jog<\/b><\/p>\n<p><span style=\"font-weight: 400;\">Az \u00e9rintett az al\u00e1bbi indokok valamelyik\u00e9nek fenn\u00e1ll\u00e1sa eset\u00e9n jogosult arra, hogy k\u00e9r\u00e9s\u00e9re az Adatkezel\u0151 indokolatlan k\u00e9sedelem n\u00e9lk\u00fcl t\u00f6r\u00f6lje a r\u00e1 vonatkoz\u00f3 szem\u00e9lyes adatokat:<\/span><\/p>\n<ul>\n<li style=\"font-weight: 400;\" aria-level=\"1\"><span style=\"font-weight: 400;\">szem\u00e9lyes adatokra m\u00e1r nincs sz\u00fcks\u00e9g abb\u00f3l a c\u00e9lb\u00f3l, amelyb\u0151l azokat gy\u0171jt\u00f6tt\u00e9k vagy m\u00e1s m\u00f3don kezelt\u00e9k;<\/span><\/li>\n<li style=\"font-weight: 400;\" aria-level=\"1\"><span style=\"font-weight: 400;\">az \u00e9rintett visszavonja az adatkezel\u00e9s alapj\u00e1t k\u00e9pez\u0151 hozz\u00e1j\u00e1rul\u00e1s\u00e1t, \u00e9s az adatkezel\u00e9snek nincs m\u00e1s jogalapja;<\/span><\/li>\n<li style=\"font-weight: 400;\" aria-level=\"1\"><span style=\"font-weight: 400;\">az \u00e9rintett tiltakozik az adatkezel\u00e9s ellen, \u00e9s nincs els\u0151bbs\u00e9get \u00e9lvez\u0151 jogszer\u0171 ok az adatkezel\u00e9sre;<\/span><\/li>\n<li style=\"font-weight: 400;\" aria-level=\"1\"><span style=\"font-weight: 400;\">a szem\u00e9lyes adatokat jogellenesen kezelt\u00e9k;<\/span><\/li>\n<li style=\"font-weight: 400;\" aria-level=\"1\"><span style=\"font-weight: 400;\">a szem\u00e9lyes adatokat az adatkezel\u0151re alkalmazand\u00f3 uni\u00f3s vagy tag\u00e1llami jogban el\u0151\u00edrt jogi k\u00f6telezetts\u00e9g teljes\u00edt\u00e9s\u00e9hez t\u00f6r\u00f6lni kell;<\/span><\/li>\n<li style=\"font-weight: 400;\" aria-level=\"1\"><span style=\"font-weight: 400;\">a szem\u00e9lyes adatok gy\u0171jt\u00e9s\u00e9re inform\u00e1ci\u00f3s t\u00e1rsadalommal \u00f6sszef\u00fcgg\u0151 szolg\u00e1ltat\u00e1sok k\u00edn\u00e1l\u00e1s\u00e1val kapcsolatosan ker\u00fclt sor.<\/span><\/li>\n<\/ul>\n<p><span style=\"font-weight: 400;\">Az adatok t\u00f6rl\u00e9se nem kezdem\u00e9nyezhet\u0151, ha az adatkezel\u00e9s sz\u00fcks\u00e9ges: a v\u00e9lem\u00e9nynyilv\u00e1n\u00edt\u00e1s szabads\u00e1g\u00e1hoz \u00e9s a t\u00e1j\u00e9koz\u00f3d\u00e1shoz val\u00f3 jog gyakorl\u00e1sa c\u00e9lj\u00e1b\u00f3l; a szem\u00e9lyes adatok kezel\u00e9s\u00e9t el\u0151\u00edr\u00f3, az adatkezel\u0151re alkalmazand\u00f3 uni\u00f3s vagy tag\u00e1llami jog szerinti k\u00f6telezetts\u00e9g teljes\u00edt\u00e9se, illetve k\u00f6z\u00e9rdekb\u0151l vagy az adatkezel\u0151re ruh\u00e1zott k\u00f6zhatalmi jogos\u00edtv\u00e1ny gyakorl\u00e1sa keret\u00e9ben v\u00e9gzett feladat v\u00e9grehajt\u00e1sa c\u00e9lj\u00e1b\u00f3l; a n\u00e9peg\u00e9szs\u00e9g-\u00fcgy ter\u00fclet\u00e9t \u00e9rint\u0151, vagy archiv\u00e1l\u00e1si, tudom\u00e1nyos \u00e9s t\u00f6rt\u00e9nelmi kutat\u00e1si c\u00e9lb\u00f3l vagy statisztikai c\u00e9lb\u00f3l, k\u00f6z\u00e9rdek alapj\u00e1n; vagy jogi ig\u00e9nyek el\u0151terjeszt\u00e9s\u00e9hez, \u00e9rv\u00e9nyes\u00edt\u00e9s\u00e9hez, illetve v\u00e9delm\u00e9hez.<\/span><\/p>\n<p><b>Az adatkezel\u00e9s korl\u00e1toz\u00e1s\u00e1hoz val\u00f3 jog<\/b><\/p>\n<p><span style=\"font-weight: 400;\">Az \u00e9rintett k\u00e9r\u00e9s\u00e9re az Adatkezel\u0151 korl\u00e1tozza az adatkezel\u00e9st, ha az al\u00e1bbi felt\u00e9telek valamelyike teljes\u00fcl:<\/span><\/p>\n<ul>\n<li style=\"font-weight: 400;\" aria-level=\"1\"><span style=\"font-weight: 400;\">az \u00e9rintett vitatja a szem\u00e9lyes adatok pontoss\u00e1g\u00e1t, ez esetben a korl\u00e1toz\u00e1s arra az id\u0151tartamra<\/span><\/li>\n<li style=\"font-weight: 400;\" aria-level=\"1\"><span style=\"font-weight: 400;\">vonatkozik, amely lehet\u0151v\u00e9 teszi, a szem\u00e9lyes adatok pontoss\u00e1g\u00e1nak ellen\u0151rz\u00e9s\u00e9t;<\/span><\/li>\n<li style=\"font-weight: 400;\" aria-level=\"1\"><span style=\"font-weight: 400;\">az adatkezel\u00e9s jogellenes, \u00e9s az \u00e9rintett ellenzi az adatok t\u00f6rl\u00e9s\u00e9t, \u00e9s ehelyett k\u00e9ri azok felhaszn\u00e1l\u00e1s\u00e1nak korl\u00e1toz\u00e1s\u00e1t;<\/span><\/li>\n<li style=\"font-weight: 400;\" aria-level=\"1\"><span style=\"font-weight: 400;\">az adatkezel\u0151nek m\u00e1r nincs sz\u00fcks\u00e9ge a szem\u00e9lyes adatokra adatkezel\u00e9s c\u00e9lj\u00e1b\u00f3l, de az \u00e9rintett ig\u00e9nyli azokat jogi ig\u00e9nyek el\u0151terjeszt\u00e9s\u00e9hez, \u00e9rv\u00e9nyes\u00edt\u00e9s\u00e9hez vagy v\u00e9delm\u00e9hez; vagy<\/span><\/li>\n<li style=\"font-weight: 400;\" aria-level=\"1\"><span style=\"font-weight: 400;\">az \u00e9rintett tiltakozott az adatkezel\u00e9s ellen; ez esetben a korl\u00e1toz\u00e1s arra az id\u0151tartamra vonatkozik, am\u00edg meg\u00e1llap\u00edt\u00e1sra nem ker\u00fcl, hogy az adatkezel\u0151 jogos indokai els\u0151bbs\u00e9get \u00e9lveznek-e az \u00e9rintett jogos indokaival szemben.<\/span><\/li>\n<\/ul>\n<p><span style=\"font-weight: 400;\">Ha az adatkezel\u00e9s korl\u00e1toz\u00e1s al\u00e1 esik, a szem\u00e9lyes adatokat a t\u00e1rol\u00e1s kiv\u00e9tel\u00e9vel csak az \u00e9rintett hozz\u00e1j\u00e1rul\u00e1s\u00e1val, vagy jogi ig\u00e9nyek el\u0151terjeszt\u00e9s\u00e9hez, \u00e9rv\u00e9nyes\u00edt\u00e9s\u00e9hez vagy v\u00e9delm\u00e9hez, vagy m\u00e1s term\u00e9szetes vagy jogi szem\u00e9ly jogainak v\u00e9delme \u00e9rdek\u00e9ben, vagy az Uni\u00f3, illetve valamely tag\u00e1llam fontos k\u00f6z\u00e9rdek\u00e9b\u0151l lehet kezelni.<\/span><\/p>\n<p><b>Adathordoz\u00e1shoz val\u00f3 jog<\/b><\/p>\n<p><span style=\"font-weight: 400;\">Amennyiben az adatkezel\u00e9s automatiz\u00e1lt m\u00f3don val\u00f3sul meg, vagy ha az adatkezel\u00e9s az \u00d6n \u00f6nk\u00e9ntes hozz\u00e1j\u00e1rul\u00e1s\u00e1n alapul, \u00d6nnek joga van arra, hogy k\u00e9rje Adatkezel\u0151t\u0151l, hogy az \u00d6n \u00e1ltal az Adatkezel\u0151 r\u00e9sz\u00e9re megadott adatokat megkapja, amit Adatkezel\u0151 xml, JSON, vagy csv form\u00e1tumban bocs\u00e1t az \u00d6n rendelkez\u00e9s\u00e9re, ha ez technikailag megval\u00f3s\u00edthat\u00f3, akkor k\u00e9rheti, hogy az Adatkezel\u0151 az adatokat ebben a form\u00e1ban m\u00e1s adatkezel\u0151 sz\u00e1m\u00e1ra tov\u00e1bb\u00edtsa.<\/span><\/p>\n<p><b>Tiltakoz\u00e1s joga<\/b><\/p>\n<p><span style=\"font-weight: 400;\">Az \u00e9rintett jogosult arra, hogy a saj\u00e1t helyzet\u00e9vel kapcsolatos okokb\u00f3l b\u00e1rmikor tiltakozzon szem\u00e9lyes adatainak k\u00f6z\u00e9rdek\u0171 vagy az adatkezel\u0151re ruh\u00e1zott k\u00f6zhatalmi jogos\u00edtv\u00e1ny gyakorl\u00e1s\u00e1nak keret\u00e9ben v\u00e9gzett feladat v\u00e9grehajt\u00e1s\u00e1hoz sz\u00fcks\u00e9ges adatkezel\u00e9s, vagy az adatkezel\u0151 vagy egy harmadik f\u00e9l jogos \u00e9rdekeinek \u00e9rv\u00e9nyes\u00edt\u00e9s\u00e9hez sz\u00fcks\u00e9ges kezel\u00e9se ellen, ide\u00e9rtve az eml\u00edtett rendelkez\u00e9seken alapul\u00f3 profilalkot\u00e1st is. Tiltakoz\u00e1s eset\u00e9n az adatkezel\u0151 a szem\u00e9lyes adatokat nem kezelheti tov\u00e1bb, kiv\u00e9ve, ha azt olyan k\u00e9nyszer\u00edt\u0151 erej\u0171 jogos okok indokolj\u00e1k, amelyek els\u0151bbs\u00e9get \u00e9lveznek az \u00e9rintett \u00e9rdekeivel, jogaival \u00e9s szabads\u00e1gaival szemben, vagy amelyek jogi ig\u00e9nyek el\u0151terjeszt\u00e9s\u00e9hez, \u00e9rv\u00e9nyes\u00edt\u00e9s\u00e9hez vagy v\u00e9delm\u00e9hez kapcsol\u00f3dnak.<\/span><\/p>\n<p><span style=\"font-weight: 400;\">Automatiz\u00e1lt d\u00f6nt\u00e9shozatal egyedi \u00fcgyekben, bele\u00e9rtve a profilalkot\u00e1st<\/span><\/p>\n<p><span style=\"font-weight: 400;\">Az \u00e9rintett jogosult arra, hogy ne terjedjen ki r\u00e1 az olyan, kiz\u00e1r\u00f3lag automatiz\u00e1lt adatkezel\u00e9sen \u2013 ide\u00e9rtve a profilalkot\u00e1st is \u2013 alapul\u00f3 d\u00f6nt\u00e9s hat\u00e1lya, amely r\u00e1 n\u00e9zve joghat\u00e1ssal j\u00e1rna vagy \u0151t hasonl\u00f3k\u00e9ppen jelent\u0151s m\u00e9rt\u00e9kben \u00e9rinten\u00e9.<\/span><\/p>\n<p><b>Visszavon\u00e1s joga<\/b><\/p>\n<p><span style=\"font-weight: 400;\">Az \u00e9rintett jogosult arra, hogy hozz\u00e1j\u00e1rul\u00e1s\u00e1t b\u00e1rmikor visszavonja.<\/span><\/p>\n<p><b>B\u00edr\u00f3s\u00e1ghoz fordul\u00e1s joga<\/b><\/p>\n<p><span style=\"font-weight: 400;\">Az \u00e9rintett a jogainak megs\u00e9rt\u00e9se eset\u00e9n az adatkezel\u0151 ellen b\u00edr\u00f3s\u00e1ghoz fordulhat. A b\u00edr\u00f3s\u00e1g az \u00fcgyben soron k\u00edv\u00fcl j\u00e1r el.<\/span><\/p>\n<p><b>Adatv\u00e9delmi hat\u00f3s\u00e1gi elj\u00e1r\u00e1s<\/b><\/p>\n<p><span style=\"font-weight: 400;\">Panasszal a Nemzeti Adatv\u00e9delmi \u00e9s Inform\u00e1ci\u00f3szabads\u00e1g Hat\u00f3s\u00e1gn\u00e1l lehet \u00e9lni:<\/span><\/p>\n<ul>\n<li style=\"font-weight: 400;\" aria-level=\"1\"><span style=\"font-weight: 400;\">N\u00e9v: Nemzeti Adatv\u00e9delmi \u00e9s Inform\u00e1ci\u00f3szabads\u00e1g Hat\u00f3s\u00e1g<\/span><\/li>\n<li style=\"font-weight: 400;\" aria-level=\"1\"><span style=\"font-weight: 400;\">Sz\u00e9khely: 1125 Budapest, Szil\u00e1gyi Erzs\u00e9bet fasor 22\/C. Levelez\u00e9si c\u00edm: 1530 Budapest, Pf.: 5.<\/span><\/li>\n<li style=\"font-weight: 400;\" aria-level=\"1\"><span style=\"font-weight: 400;\">Telefon: 0613911400<\/span><\/li>\n<li style=\"font-weight: 400;\" aria-level=\"1\"><span style=\"font-weight: 400;\">Fax: 0613911410<\/span><\/li>\n<li style=\"font-weight: 400;\" aria-level=\"1\"><span style=\"font-weight: 400;\">E-mail:\u00a0<\/span><a href=\"mailto:ugyfelszolgalat@naih.hu\"><span style=\"font-weight: 400;\">ugyfelszolgalat@naih.hu<\/span><\/a><span style=\"font-weight: 400;\">\u00a0Honlap:\u00a0<\/span><a href=\"http:\/\/www.naih.hu\/\"><span style=\"font-weight: 400;\">http:\/\/www.naih.hu<\/span><\/a><\/li>\n<\/ul>\n<p><b>Egy\u00e9b rendelkez\u00e9sek<\/b><\/p>\n<p><span style=\"font-weight: 400;\">E t\u00e1j\u00e9koztat\u00f3ban fel nem sorolt adatkezel\u00e9sekr\u0151l az adat felv\u00e9telekor adunk t\u00e1j\u00e9koztat\u00e1st.<\/span><\/p>\n<p><span style=\"font-weight: 400;\">T\u00e1j\u00e9koztatjuk \u00fcgyfeleinket, hogy a b\u00edr\u00f3s\u00e1g, az \u00fcgy\u00e9sz, a nyomoz\u00f3 hat\u00f3s\u00e1g, a szab\u00e1lys\u00e9rt\u00e9si hat\u00f3s\u00e1g, a k\u00f6zigazgat\u00e1si hat\u00f3s\u00e1g, a Nemzeti Adatv\u00e9delmi \u00e9s Inform\u00e1ci\u00f3szabads\u00e1g Hat\u00f3s\u00e1g, a Magyar Nemzeti Bank, illet\u0151leg jogszab\u00e1ly felhatalmaz\u00e1sa alapj\u00e1n m\u00e1s szervek t\u00e1j\u00e9koztat\u00e1s ad\u00e1sa, adatok k\u00f6zl\u00e9se, \u00e1tad\u00e1sa, illet\u0151leg iratok rendelkez\u00e9sre bocs\u00e1t\u00e1sa v\u00e9gett megkereshetik az adatkezel\u0151t.<\/span><\/p>\n<p><span style=\"font-weight: 400;\">Az Adatkezel\u0151 a hat\u00f3s\u00e1gok r\u00e9sz\u00e9re \u2013 amennyiben a hat\u00f3s\u00e1g a pontos c\u00e9lt \u00e9s az adatok k\u00f6r\u00e9t megjel\u00f6lte \u2013 szem\u00e9lyes adatot csak annyit \u00e9s olyan m\u00e9rt\u00e9kben ad ki, amely a megkeres\u00e9s c\u00e9lj\u00e1nak megval\u00f3s\u00edt\u00e1s\u00e1hoz elengedhetetlen\u00fcl sz\u00fcks\u00e9ges.<\/span><\/p>\n<p><span style=\"font-weight: 400;\">A jelen dokumentum a webshop m\u0171k\u00f6d\u00e9s\u00e9vel kapcsolatban minden relev\u00e1ns adatkezel\u00e9si inform\u00e1ci\u00f3t tartalmaz az Eur\u00f3pai Uni\u00f3 2016\/679 sz\u00e1m\u00fa \u00c1ltal\u00e1nos Adatv\u00e9delmi Rendelete (a tov\u00e1bbiakban: Rendelet. GDPR) \u00e9s a 2011. \u00e9vi CXII. tv. (a tov\u00e1bbiakban: Infotv.) alapj\u00e1n.<\/span><\/p>\n<p>&nbsp;<\/p>\n<p><span style=\"font-weight: 400;\">Budapest, 2023.02.10.<\/span><\/p>\n","protected":false},"excerpt":{"rendered":"<p>Az adatkezel\u00e9si t\u00e1j\u00e9koztat\u00f3 c\u00e9lja A\u00a0Padnyolc Kft. (c\u00edm, a tov\u00e1bbiakban, szolg\u00e1ltat\u00f3, adatkezel\u0151) mint adatkezel\u0151, mag\u00e1ra n\u00e9zve k\u00f6telez\u0151nek ismeri el jelen jogi k\u00f6zlem\u00e9ny tartalm\u00e1t. K\u00f6telezetts\u00e9get v\u00e1llal arra, hogy<span class=\"excerpt-hellip\"> [\u2026]<\/span><\/p>\n","protected":false},"author":1,"featured_media":0,"parent":0,"menu_order":0,"comment_status":"closed","ping_status":"closed","template":"","meta":{"footnotes":""},"class_list":["post-3467","page","type-page","status-publish","hentry"],"yoast_head":"<!-- This site is optimized with the Yoast SEO plugin v23.9 - https:\/\/yoast.com\/wordpress\/plugins\/seo\/ -->\n<title>Adatkezel\u00e9si t\u00e1j\u00e9koztat\u00f3 - Padthai Padtalk<\/title>\n<meta name=\"robots\" content=\"index, follow, max-snippet:-1, max-image-preview:large, max-video-preview:-1\" \/>\n<link rel=\"canonical\" href=\"https:\/\/padthaiwokbar.com\/padtalk\/adatkezelesi-tajekoztato\/\" \/>\n<meta property=\"og:locale\" content=\"hu_HU\" \/>\n<meta property=\"og:type\" content=\"article\" \/>\n<meta property=\"og:title\" content=\"Adatkezel\u00e9si t\u00e1j\u00e9koztat\u00f3 - Padthai Padtalk\" \/>\n<meta property=\"og:description\" content=\"Az adatkezel\u00e9si t\u00e1j\u00e9koztat\u00f3 c\u00e9lja A\u00a0Padnyolc Kft. (c\u00edm, a tov\u00e1bbiakban, szolg\u00e1ltat\u00f3, adatkezel\u0151) mint adatkezel\u0151, mag\u00e1ra n\u00e9zve k\u00f6telez\u0151nek ismeri el jelen jogi k\u00f6zlem\u00e9ny tartalm\u00e1t. K\u00f6telezetts\u00e9get v\u00e1llal arra, hogy [\u2026]\" \/>\n<meta property=\"og:url\" content=\"https:\/\/padthaiwokbar.com\/padtalk\/adatkezelesi-tajekoztato\/\" \/>\n<meta property=\"og:site_name\" content=\"Padthai Padtalk\" \/>\n<meta property=\"article:modified_time\" content=\"2023-02-13T20:04:59+00:00\" \/>\n<meta name=\"twitter:card\" content=\"summary_large_image\" \/>\n<meta name=\"twitter:label1\" content=\"Becs\u00fclt olvas\u00e1si id\u0151\" \/>\n\t<meta name=\"twitter:data1\" content=\"15 perc\" \/>\n<script type=\"application\/ld+json\" class=\"yoast-schema-graph\">{\"@context\":\"https:\/\/schema.org\",\"@graph\":[{\"@type\":\"WebPage\",\"@id\":\"https:\/\/padthaiwokbar.com\/padtalk\/adatkezelesi-tajekoztato\/\",\"url\":\"https:\/\/padthaiwokbar.com\/padtalk\/adatkezelesi-tajekoztato\/\",\"name\":\"Adatkezel\u00e9si t\u00e1j\u00e9koztat\u00f3 - Padthai Padtalk\",\"isPartOf\":{\"@id\":\"https:\/\/padthaiwokbar.com\/padtalk\/#website\"},\"datePublished\":\"2022-02-18T18:25:30+00:00\",\"dateModified\":\"2023-02-13T20:04:59+00:00\",\"breadcrumb\":{\"@id\":\"https:\/\/padthaiwokbar.com\/padtalk\/adatkezelesi-tajekoztato\/#breadcrumb\"},\"inLanguage\":\"hu\",\"potentialAction\":[{\"@type\":\"ReadAction\",\"target\":[\"https:\/\/padthaiwokbar.com\/padtalk\/adatkezelesi-tajekoztato\/\"]}]},{\"@type\":\"BreadcrumbList\",\"@id\":\"https:\/\/padthaiwokbar.com\/padtalk\/adatkezelesi-tajekoztato\/#breadcrumb\",\"itemListElement\":[{\"@type\":\"ListItem\",\"position\":1,\"name\":\"Kezd\u0151lap\",\"item\":\"https:\/\/padthaiwokbar.com\/padtalk\/\"},{\"@type\":\"ListItem\",\"position\":2,\"name\":\"Adatkezel\u00e9si t\u00e1j\u00e9koztat\u00f3\"}]},{\"@type\":\"WebSite\",\"@id\":\"https:\/\/padthaiwokbar.com\/padtalk\/#website\",\"url\":\"https:\/\/padthaiwokbar.com\/padtalk\/\",\"name\":\"Padthai Padtalk\",\"description\":\"Padthai Padtalk\",\"publisher\":{\"@id\":\"https:\/\/padthaiwokbar.com\/padtalk\/#organization\"},\"potentialAction\":[{\"@type\":\"SearchAction\",\"target\":{\"@type\":\"EntryPoint\",\"urlTemplate\":\"https:\/\/padthaiwokbar.com\/padtalk\/?s={search_term_string}\"},\"query-input\":{\"@type\":\"PropertyValueSpecification\",\"valueRequired\":true,\"valueName\":\"search_term_string\"}}],\"inLanguage\":\"hu\"},{\"@type\":\"Organization\",\"@id\":\"https:\/\/padthaiwokbar.com\/padtalk\/#organization\",\"name\":\"Padthai Padtalk\",\"url\":\"https:\/\/padthaiwokbar.com\/padtalk\/\",\"logo\":{\"@type\":\"ImageObject\",\"inLanguage\":\"hu\",\"@id\":\"https:\/\/padthaiwokbar.com\/padtalk\/#\/schema\/logo\/image\/\",\"url\":\"https:\/\/padthaiwokbar.com\/padtalk\/wp-content\/uploads\/2021\/10\/logo-sotetre.png\",\"contentUrl\":\"https:\/\/padthaiwokbar.com\/padtalk\/wp-content\/uploads\/2021\/10\/logo-sotetre.png\",\"width\":839,\"height\":838,\"caption\":\"Padthai Padtalk\"},\"image\":{\"@id\":\"https:\/\/padthaiwokbar.com\/padtalk\/#\/schema\/logo\/image\/\"}}]}<\/script>\n<!-- \/ Yoast SEO plugin. -->","yoast_head_json":{"title":"Adatkezel\u00e9si t\u00e1j\u00e9koztat\u00f3 - Padthai Padtalk","robots":{"index":"index","follow":"follow","max-snippet":"max-snippet:-1","max-image-preview":"max-image-preview:large","max-video-preview":"max-video-preview:-1"},"canonical":"https:\/\/padthaiwokbar.com\/padtalk\/adatkezelesi-tajekoztato\/","og_locale":"hu_HU","og_type":"article","og_title":"Adatkezel\u00e9si t\u00e1j\u00e9koztat\u00f3 - Padthai Padtalk","og_description":"Az adatkezel\u00e9si t\u00e1j\u00e9koztat\u00f3 c\u00e9lja A\u00a0Padnyolc Kft. (c\u00edm, a tov\u00e1bbiakban, szolg\u00e1ltat\u00f3, adatkezel\u0151) mint adatkezel\u0151, mag\u00e1ra n\u00e9zve k\u00f6telez\u0151nek ismeri el jelen jogi k\u00f6zlem\u00e9ny tartalm\u00e1t. K\u00f6telezetts\u00e9get v\u00e1llal arra, hogy [\u2026]","og_url":"https:\/\/padthaiwokbar.com\/padtalk\/adatkezelesi-tajekoztato\/","og_site_name":"Padthai Padtalk","article_modified_time":"2023-02-13T20:04:59+00:00","twitter_card":"summary_large_image","twitter_misc":{"Becs\u00fclt olvas\u00e1si id\u0151":"15 perc"},"schema":{"@context":"https:\/\/schema.org","@graph":[{"@type":"WebPage","@id":"https:\/\/padthaiwokbar.com\/padtalk\/adatkezelesi-tajekoztato\/","url":"https:\/\/padthaiwokbar.com\/padtalk\/adatkezelesi-tajekoztato\/","name":"Adatkezel\u00e9si t\u00e1j\u00e9koztat\u00f3 - Padthai Padtalk","isPartOf":{"@id":"https:\/\/padthaiwokbar.com\/padtalk\/#website"},"datePublished":"2022-02-18T18:25:30+00:00","dateModified":"2023-02-13T20:04:59+00:00","breadcrumb":{"@id":"https:\/\/padthaiwokbar.com\/padtalk\/adatkezelesi-tajekoztato\/#breadcrumb"},"inLanguage":"hu","potentialAction":[{"@type":"ReadAction","target":["https:\/\/padthaiwokbar.com\/padtalk\/adatkezelesi-tajekoztato\/"]}]},{"@type":"BreadcrumbList","@id":"https:\/\/padthaiwokbar.com\/padtalk\/adatkezelesi-tajekoztato\/#breadcrumb","itemListElement":[{"@type":"ListItem","position":1,"name":"Kezd\u0151lap","item":"https:\/\/padthaiwokbar.com\/padtalk\/"},{"@type":"ListItem","position":2,"name":"Adatkezel\u00e9si t\u00e1j\u00e9koztat\u00f3"}]},{"@type":"WebSite","@id":"https:\/\/padthaiwokbar.com\/padtalk\/#website","url":"https:\/\/padthaiwokbar.com\/padtalk\/","name":"Padthai Padtalk","description":"Padthai Padtalk","publisher":{"@id":"https:\/\/padthaiwokbar.com\/padtalk\/#organization"},"potentialAction":[{"@type":"SearchAction","target":{"@type":"EntryPoint","urlTemplate":"https:\/\/padthaiwokbar.com\/padtalk\/?s={search_term_string}"},"query-input":{"@type":"PropertyValueSpecification","valueRequired":true,"valueName":"search_term_string"}}],"inLanguage":"hu"},{"@type":"Organization","@id":"https:\/\/padthaiwokbar.com\/padtalk\/#organization","name":"Padthai Padtalk","url":"https:\/\/padthaiwokbar.com\/padtalk\/","logo":{"@type":"ImageObject","inLanguage":"hu","@id":"https:\/\/padthaiwokbar.com\/padtalk\/#\/schema\/logo\/image\/","url":"https:\/\/padthaiwokbar.com\/padtalk\/wp-content\/uploads\/2021\/10\/logo-sotetre.png","contentUrl":"https:\/\/padthaiwokbar.com\/padtalk\/wp-content\/uploads\/2021\/10\/logo-sotetre.png","width":839,"height":838,"caption":"Padthai Padtalk"},"image":{"@id":"https:\/\/padthaiwokbar.com\/padtalk\/#\/schema\/logo\/image\/"}}]}},"_links":{"self":[{"href":"https:\/\/padthaiwokbar.com\/padtalk\/wp-json\/wp\/v2\/pages\/3467","targetHints":{"allow":["GET"]}}],"collection":[{"href":"https:\/\/padthaiwokbar.com\/padtalk\/wp-json\/wp\/v2\/pages"}],"about":[{"href":"https:\/\/padthaiwokbar.com\/padtalk\/wp-json\/wp\/v2\/types\/page"}],"author":[{"embeddable":true,"href":"https:\/\/padthaiwokbar.com\/padtalk\/wp-json\/wp\/v2\/users\/1"}],"replies":[{"embeddable":true,"href":"https:\/\/padthaiwokbar.com\/padtalk\/wp-json\/wp\/v2\/comments?post=3467"}],"version-history":[{"count":4,"href":"https:\/\/padthaiwokbar.com\/padtalk\/wp-json\/wp\/v2\/pages\/3467\/revisions"}],"predecessor-version":[{"id":3768,"href":"https:\/\/padthaiwokbar.com\/padtalk\/wp-json\/wp\/v2\/pages\/3467\/revisions\/3768"}],"wp:attachment":[{"href":"https:\/\/padthaiwokbar.com\/padtalk\/wp-json\/wp\/v2\/media?parent=3467"}],"curies":[{"name":"wp","href":"https:\/\/api.w.org\/{rel}","templated":true}]}}